{"id":30,"date":"2026-06-15T11:23:05","date_gmt":"2026-06-15T15:23:05","guid":{"rendered":"https:\/\/fundacionrafa.org\/?st-import=d0ff8aac267098373fb2c5a5cac3855e"},"modified":"2026-07-13T08:12:58","modified_gmt":"2026-07-13T12:12:58","slug":"home","status":"publish","type":"page","link":"https:\/\/fundacionrafa.org\/","title":{"rendered":"Home"},"content":{"rendered":"\t\t<div data-elementor-type=\"wp-page\" data-elementor-id=\"30\" class=\"elementor elementor-30\" data-elementor-post-type=\"page\">\n\t\t\t\t<div class=\"elementor-element elementor-element-93a966b e-flex e-con-boxed e-con e-parent\" data-id=\"93a966b\" data-element_type=\"container\" data-e-type=\"container\" data-settings=\"{&quot;background_background&quot;:&quot;classic&quot;}\">\n\t\t\t\t\t<div class=\"e-con-inner\">\n\t\t<div class=\"elementor-element elementor-element-018abcf e-con-full e-flex e-con e-child\" data-id=\"018abcf\" data-element_type=\"container\" data-e-type=\"container\">\n\t\t<div class=\"elementor-element elementor-element-4b31cda e-con-full e-flex e-con e-child\" data-id=\"4b31cda\" data-element_type=\"container\" data-e-type=\"container\">\n\t\t<div class=\"elementor-element elementor-element-ff6a699 e-con-full e-flex e-con e-child\" data-id=\"ff6a699\" data-element_type=\"container\" data-e-type=\"container\">\n\t\t\t\t<\/div>\n\t\t\t\t<\/div>\n\t\t\t\t<\/div>\n\t\t\t\t\t<\/div>\n\t\t\t\t<\/div>\n\t\t<div class=\"elementor-element elementor-element-7ce0046 e-flex e-con-boxed e-con e-parent\" data-id=\"7ce0046\" data-element_type=\"container\" data-e-type=\"container\" data-settings=\"{&quot;background_background&quot;:&quot;classic&quot;}\">\n\t\t\t\t\t<div class=\"e-con-inner\">\n\t\t<div class=\"elementor-element elementor-element-6eaedaf e-con-full e-flex e-con e-child\" data-id=\"6eaedaf\" data-element_type=\"container\" data-e-type=\"container\" data-settings=\"{&quot;background_background&quot;:&quot;classic&quot;}\">\n\t\t\t\t<div class=\"elementor-element elementor-element-9160df0 elementor-widget elementor-widget-heading\" data-id=\"9160df0\" data-element_type=\"widget\" data-e-type=\"widget\" data-widget_type=\"heading.default\">\n\t\t\t\t<div class=\"elementor-widget-container\">\n\t\t\t\t\t<h2 class=\"elementor-heading-title elementor-size-default\"><a href=\"https:\/\/fundacionrafa.org\/?page_id=32\">Sobre notrosos<\/a><\/h2>\t\t\t\t<\/div>\n\t\t\t\t<\/div>\n\t\t\t\t<\/div>\n\t\t<div class=\"elementor-element elementor-element-0a492be e-con-full e-flex e-con e-child\" data-id=\"0a492be\" data-element_type=\"container\" data-e-type=\"container\" data-settings=\"{&quot;background_background&quot;:&quot;classic&quot;}\">\n\t\t\t\t<div class=\"elementor-element elementor-element-4613dbb elementor-widget elementor-widget-heading\" data-id=\"4613dbb\" data-element_type=\"widget\" data-e-type=\"widget\" data-widget_type=\"heading.default\">\n\t\t\t\t<div class=\"elementor-widget-container\">\n\t\t\t\t\t<h2 class=\"elementor-heading-title elementor-size-default\"><a href=\"https:\/\/fundacionrafa.org\/?page_id=1329\">Los que hacemos<\/a><\/h2>\t\t\t\t<\/div>\n\t\t\t\t<\/div>\n\t\t\t\t<\/div>\n\t\t<div class=\"elementor-element elementor-element-bd9d8f3 e-con-full e-flex e-con e-child\" data-id=\"bd9d8f3\" data-element_type=\"container\" data-e-type=\"container\" data-settings=\"{&quot;background_background&quot;:&quot;classic&quot;}\">\n\t\t\t\t<div class=\"elementor-element elementor-element-fd60125 elementor-widget elementor-widget-heading\" data-id=\"fd60125\" data-element_type=\"widget\" data-e-type=\"widget\" data-widget_type=\"heading.default\">\n\t\t\t\t<div class=\"elementor-widget-container\">\n\t\t\t\t\t<h2 class=\"elementor-heading-title elementor-size-default\"><a href=\"https:\/\/fundacionrafa.org\/?page_id=31\">REHABILITACION<\/a><\/h2>\t\t\t\t<\/div>\n\t\t\t\t<\/div>\n\t\t\t\t<\/div>\n\t\t\t\t\t<\/div>\n\t\t\t\t<\/div>\n\t\t<div class=\"elementor-element elementor-element-d970c71 e-flex e-con-boxed e-con e-parent\" data-id=\"d970c71\" data-element_type=\"container\" data-e-type=\"container\" data-settings=\"{&quot;background_background&quot;:&quot;classic&quot;}\">\n\t\t\t\t\t<div class=\"e-con-inner\">\n\t\t<div class=\"elementor-element elementor-element-a5be9c4 e-con-full e-flex e-con e-child\" data-id=\"a5be9c4\" data-element_type=\"container\" data-e-type=\"container\">\n\t\t\t\t<div class=\"elementor-element elementor-element-7698d76 elementor-align-center elementor-widget elementor-widget-button\" data-id=\"7698d76\" data-element_type=\"widget\" data-e-type=\"widget\" data-widget_type=\"button.default\">\n\t\t\t\t<div class=\"elementor-widget-container\">\n\t\t\t\t\t\t\t\t\t<div class=\"elementor-button-wrapper\">\n\t\t\t\t\t<a class=\"elementor-button elementor-button-link elementor-size-lg\" href=\"https:\/\/fundacionrafa.org\/?page_id=33\">\n\t\t\t\t\t\t<span class=\"elementor-button-content-wrapper\">\n\t\t\t\t\t\t\t\t\t<span class=\"elementor-button-text\">Contacto<\/span>\n\t\t\t\t\t<\/span>\n\t\t\t\t\t<\/a>\n\t\t\t\t<\/div>\n\t\t\t\t\t\t\t\t<\/div>\n\t\t\t\t<\/div>\n\t\t\t\t<\/div>\n\t\t\t\t\t<\/div>\n\t\t\t\t<\/div>\n\t\t<div class=\"elementor-element elementor-element-47ae407 e-flex e-con-boxed e-con e-parent\" data-id=\"47ae407\" data-element_type=\"container\" data-e-type=\"container\">\n\t\t\t\t\t<div class=\"e-con-inner\">\n\t\t\t\t<div class=\"elementor-element elementor-element-755cf03 elementor-widget-divider--view-line_icon elementor-view-default elementor-widget-divider--element-align-center elementor-widget elementor-widget-divider\" data-id=\"755cf03\" data-element_type=\"widget\" data-e-type=\"widget\" data-widget_type=\"divider.default\">\n\t\t\t\t<div class=\"elementor-widget-container\">\n\t\t\t\t\t\t\t<div class=\"elementor-divider\">\n\t\t\t<span class=\"elementor-divider-separator\">\n\t\t\t\t\t\t\t<div class=\"elementor-icon elementor-divider__element\">\n\t\t\t\t\t<i aria-hidden=\"true\" class=\"fas fa-star\"><\/i><\/div>\n\t\t\t\t\t\t<\/span>\n\t\t<\/div>\n\t\t\t\t\t\t<\/div>\n\t\t\t\t<\/div>\n\t\t\t\t\t<\/div>\n\t\t\t\t<\/div>\n\t\t<div class=\"elementor-element elementor-element-fdd91ea e-flex e-con-boxed e-con e-parent\" data-id=\"fdd91ea\" data-element_type=\"container\" data-e-type=\"container\">\n\t\t\t\t\t<div class=\"e-con-inner\">\n\t\t\t\t<div class=\"elementor-element elementor-element-0d1a8af elementor-widget elementor-widget-heading\" data-id=\"0d1a8af\" data-element_type=\"widget\" data-e-type=\"widget\" data-widget_type=\"heading.default\">\n\t\t\t\t<div class=\"elementor-widget-container\">\n\t\t\t\t\t<h2 class=\"elementor-heading-title elementor-size-default\">NUESTRA GALERIA<\/h2>\t\t\t\t<\/div>\n\t\t\t\t<\/div>\n\t\t\t\t\t<\/div>\n\t\t\t\t<\/div>\n\t\t<div class=\"elementor-element elementor-element-76e33b2 e-flex e-con-boxed e-con e-parent\" data-id=\"76e33b2\" data-element_type=\"container\" data-e-type=\"container\" data-settings=\"{&quot;background_background&quot;:&quot;classic&quot;}\">\n\t\t\t\t\t<div class=\"e-con-inner\">\n\t\t<div class=\"elementor-element elementor-element-816824f e-con-full e-flex e-con e-child\" data-id=\"816824f\" data-element_type=\"container\" data-e-type=\"container\">\n\t\t\t\t<div class=\"elementor-element elementor-element-44ac736 gallery-spacing-custom elementor-widget elementor-widget-image-gallery\" data-id=\"44ac736\" data-element_type=\"widget\" data-e-type=\"widget\" data-settings=\"{&quot;_animation&quot;:&quot;none&quot;}\" data-widget_type=\"image-gallery.default\">\n\t\t\t\t<div class=\"elementor-widget-container\">\n\t\t\t\t\t\t\t<div class=\"elementor-image-gallery\">\n\t\t\t<div id='gallery-1' class='gallery galleryid-30 gallery-columns-3 gallery-size-medium_large'><figure class='gallery-item'>\n\t\t\t<div class='gallery-icon landscape'>\n\t\t\t\t<a data-elementor-open-lightbox=\"yes\" data-elementor-lightbox-slideshow=\"44ac736\" data-elementor-lightbox-title=\"letrero las praderas\" data-e-action-hash=\"#elementor-action%3Aaction%3Dlightbox%26settings%3DeyJpZCI6MTI5NiwidXJsIjoiaHR0cHM6XC9cL2Z1bmRhY2lvbnJhZmEub3JnXC93cC1jb250ZW50XC91cGxvYWRzXC8yMDI2XC8wNlwvbGV0cmVyby1sYXMtcHJhZGVyYXMuanBlZyIsInNsaWRlc2hvdyI6IjQ0YWM3MzYifQ%3D%3D\" href='https:\/\/fundacionrafa.org\/wp-content\/uploads\/2026\/06\/letrero-las-praderas.jpeg'><img fetchpriority=\"high\" decoding=\"async\" width=\"768\" height=\"576\" src=\"https:\/\/fundacionrafa.org\/wp-content\/uploads\/2026\/06\/letrero-las-praderas-768x576.jpeg\" class=\"attachment-medium_large size-medium_large\" alt=\"\" srcset=\"https:\/\/fundacionrafa.org\/wp-content\/uploads\/2026\/06\/letrero-las-praderas-768x576.jpeg 768w, https:\/\/fundacionrafa.org\/wp-content\/uploads\/2026\/06\/letrero-las-praderas-300x225.jpeg 300w, https:\/\/fundacionrafa.org\/wp-content\/uploads\/2026\/06\/letrero-las-praderas-1024x768.jpeg 1024w, https:\/\/fundacionrafa.org\/wp-content\/uploads\/2026\/06\/letrero-las-praderas.jpeg 1032w\" sizes=\"(max-width: 768px) 100vw, 768px\" \/><\/a>\n\t\t\t<\/div><\/figure><figure class='gallery-item'>\n\t\t\t<div class='gallery-icon landscape'>\n\t\t\t\t<a data-elementor-open-lightbox=\"yes\" data-elementor-lightbox-slideshow=\"44ac736\" data-elementor-lightbox-title=\"alabando antes eel bautismo\" data-e-action-hash=\"#elementor-action%3Aaction%3Dlightbox%26settings%3DeyJpZCI6MTMwMSwidXJsIjoiaHR0cHM6XC9cL2Z1bmRhY2lvbnJhZmEub3JnXC93cC1jb250ZW50XC91cGxvYWRzXC8yMDI2XC8wNlwvYWxhYmFuZG8tYW50ZXMtZWVsLWJhdXRpc21vLmpwZWciLCJzbGlkZXNob3ciOiI0NGFjNzM2In0%3D\" href='https:\/\/fundacionrafa.org\/wp-content\/uploads\/2026\/06\/alabando-antes-eel-bautismo.jpeg'><img decoding=\"async\" width=\"768\" height=\"576\" src=\"https:\/\/fundacionrafa.org\/wp-content\/uploads\/2026\/06\/alabando-antes-eel-bautismo-768x576.jpeg\" class=\"attachment-medium_large size-medium_large\" alt=\"\" srcset=\"https:\/\/fundacionrafa.org\/wp-content\/uploads\/2026\/06\/alabando-antes-eel-bautismo-768x576.jpeg 768w, https:\/\/fundacionrafa.org\/wp-content\/uploads\/2026\/06\/alabando-antes-eel-bautismo-300x225.jpeg 300w, https:\/\/fundacionrafa.org\/wp-content\/uploads\/2026\/06\/alabando-antes-eel-bautismo-1024x768.jpeg 1024w, https:\/\/fundacionrafa.org\/wp-content\/uploads\/2026\/06\/alabando-antes-eel-bautismo.jpeg 1280w\" sizes=\"(max-width: 768px) 100vw, 768px\" \/><\/a>\n\t\t\t<\/div><\/figure><figure class='gallery-item'>\n\t\t\t<div class='gallery-icon landscape'>\n\t\t\t\t<a data-elementor-open-lightbox=\"yes\" data-elementor-lightbox-slideshow=\"44ac736\" data-elementor-lightbox-title=\"bautismo\" data-e-action-hash=\"#elementor-action%3Aaction%3Dlightbox%26settings%3DeyJpZCI6MTMwMywidXJsIjoiaHR0cHM6XC9cL2Z1bmRhY2lvbnJhZmEub3JnXC93cC1jb250ZW50XC91cGxvYWRzXC8yMDI2XC8wNlwvYmF1dGlzbW8uanBlZyIsInNsaWRlc2hvdyI6IjQ0YWM3MzYifQ%3D%3D\" href='https:\/\/fundacionrafa.org\/wp-content\/uploads\/2026\/06\/bautismo.jpeg'><img decoding=\"async\" width=\"768\" height=\"576\" src=\"https:\/\/fundacionrafa.org\/wp-content\/uploads\/2026\/06\/bautismo-768x576.jpeg\" class=\"attachment-medium_large size-medium_large\" alt=\"\" srcset=\"https:\/\/fundacionrafa.org\/wp-content\/uploads\/2026\/06\/bautismo-768x576.jpeg 768w, https:\/\/fundacionrafa.org\/wp-content\/uploads\/2026\/06\/bautismo-300x225.jpeg 300w, https:\/\/fundacionrafa.org\/wp-content\/uploads\/2026\/06\/bautismo-1024x768.jpeg 1024w, https:\/\/fundacionrafa.org\/wp-content\/uploads\/2026\/06\/bautismo.jpeg 1280w\" sizes=\"(max-width: 768px) 100vw, 768px\" \/><\/a>\n\t\t\t<\/div><\/figure><figure class='gallery-item'>\n\t\t\t<div class='gallery-icon landscape'>\n\t\t\t\t<a data-elementor-open-lightbox=\"yes\" data-elementor-lightbox-slideshow=\"44ac736\" data-elementor-lightbox-title=\"iglesia las praderas adentro3\" data-e-action-hash=\"#elementor-action%3Aaction%3Dlightbox%26settings%3DeyJpZCI6MTMwNCwidXJsIjoiaHR0cHM6XC9cL2Z1bmRhY2lvbnJhZmEub3JnXC93cC1jb250ZW50XC91cGxvYWRzXC8yMDI2XC8wNlwvaWdsZXNpYS1sYXMtcHJhZGVyYXMtYWRlbnRybzMuanBlZyIsInNsaWRlc2hvdyI6IjQ0YWM3MzYifQ%3D%3D\" href='https:\/\/fundacionrafa.org\/wp-content\/uploads\/2026\/06\/iglesia-las-praderas-adentro3.jpeg'><img loading=\"lazy\" decoding=\"async\" width=\"768\" height=\"576\" src=\"https:\/\/fundacionrafa.org\/wp-content\/uploads\/2026\/06\/iglesia-las-praderas-adentro3-768x576.jpeg\" class=\"attachment-medium_large size-medium_large\" alt=\"\" srcset=\"https:\/\/fundacionrafa.org\/wp-content\/uploads\/2026\/06\/iglesia-las-praderas-adentro3-768x576.jpeg 768w, https:\/\/fundacionrafa.org\/wp-content\/uploads\/2026\/06\/iglesia-las-praderas-adentro3-300x225.jpeg 300w, https:\/\/fundacionrafa.org\/wp-content\/uploads\/2026\/06\/iglesia-las-praderas-adentro3-1024x768.jpeg 1024w, https:\/\/fundacionrafa.org\/wp-content\/uploads\/2026\/06\/iglesia-las-praderas-adentro3.jpeg 1280w\" sizes=\"(max-width: 768px) 100vw, 768px\" \/><\/a>\n\t\t\t<\/div><\/figure><figure class='gallery-item'>\n\t\t\t<div class='gallery-icon landscape'>\n\t\t\t\t<a data-elementor-open-lightbox=\"yes\" data-elementor-lightbox-slideshow=\"44ac736\" data-elementor-lightbox-title=\"iglesia casa de acogidaa\" data-e-action-hash=\"#elementor-action%3Aaction%3Dlightbox%26settings%3DeyJpZCI6MTMwNywidXJsIjoiaHR0cHM6XC9cL2Z1bmRhY2lvbnJhZmEub3JnXC93cC1jb250ZW50XC91cGxvYWRzXC8yMDI2XC8wNlwvaWdsZXNpYS1jYXNhLWRlLWFjb2dpZGFhLTEuanBlZyIsInNsaWRlc2hvdyI6IjQ0YWM3MzYifQ%3D%3D\" href='https:\/\/fundacionrafa.org\/wp-content\/uploads\/2026\/06\/iglesia-casa-de-acogidaa-1.jpeg'><img loading=\"lazy\" decoding=\"async\" width=\"768\" height=\"576\" src=\"https:\/\/fundacionrafa.org\/wp-content\/uploads\/2026\/06\/iglesia-casa-de-acogidaa-1-768x576.jpeg\" class=\"attachment-medium_large size-medium_large\" alt=\"\" srcset=\"https:\/\/fundacionrafa.org\/wp-content\/uploads\/2026\/06\/iglesia-casa-de-acogidaa-1-768x576.jpeg 768w, https:\/\/fundacionrafa.org\/wp-content\/uploads\/2026\/06\/iglesia-casa-de-acogidaa-1-300x225.jpeg 300w, https:\/\/fundacionrafa.org\/wp-content\/uploads\/2026\/06\/iglesia-casa-de-acogidaa-1-1024x768.jpeg 1024w, https:\/\/fundacionrafa.org\/wp-content\/uploads\/2026\/06\/iglesia-casa-de-acogidaa-1.jpeg 1280w\" sizes=\"(max-width: 768px) 100vw, 768px\" \/><\/a>\n\t\t\t<\/div><\/figure><figure class='gallery-item'>\n\t\t\t<div class='gallery-icon landscape'>\n\t\t\t\t<a data-elementor-open-lightbox=\"yes\" data-elementor-lightbox-slideshow=\"44ac736\" data-elementor-lightbox-title=\"las praderas adoracion\" data-e-action-hash=\"#elementor-action%3Aaction%3Dlightbox%26settings%3DeyJpZCI6MTMwOCwidXJsIjoiaHR0cHM6XC9cL2Z1bmRhY2lvbnJhZmEub3JnXC93cC1jb250ZW50XC91cGxvYWRzXC8yMDI2XC8wNlwvbGFzLXByYWRlcmFzLWFkb3JhY2lvbi5qcGVnIiwic2xpZGVzaG93IjoiNDRhYzczNiJ9\" href='https:\/\/fundacionrafa.org\/wp-content\/uploads\/2026\/06\/las-praderas-adoracion.jpeg'><img loading=\"lazy\" decoding=\"async\" width=\"768\" height=\"576\" src=\"https:\/\/fundacionrafa.org\/wp-content\/uploads\/2026\/06\/las-praderas-adoracion-768x576.jpeg\" class=\"attachment-medium_large size-medium_large\" alt=\"\" srcset=\"https:\/\/fundacionrafa.org\/wp-content\/uploads\/2026\/06\/las-praderas-adoracion-768x576.jpeg 768w, https:\/\/fundacionrafa.org\/wp-content\/uploads\/2026\/06\/las-praderas-adoracion-300x225.jpeg 300w, https:\/\/fundacionrafa.org\/wp-content\/uploads\/2026\/06\/las-praderas-adoracion-1024x768.jpeg 1024w, https:\/\/fundacionrafa.org\/wp-content\/uploads\/2026\/06\/las-praderas-adoracion.jpeg 1032w\" sizes=\"(max-width: 768px) 100vw, 768px\" \/><\/a>\n\t\t\t<\/div><\/figure>\n\t\t<\/div>\n\t\t<\/div>\n\t\t\t\t\t\t<\/div>\n\t\t\t\t<\/div>\n\t\t\t\t<\/div>\n\t\t\t\t\t<\/div>\n\t\t\t\t<\/div>\n\t\t<div class=\"elementor-element elementor-element-2bccfa3 e-flex e-con-boxed e-con e-parent\" data-id=\"2bccfa3\" data-element_type=\"container\" data-e-type=\"container\">\n\t\t\t\t\t<div class=\"e-con-inner\">\n\t\t\t\t<div class=\"elementor-element elementor-element-d826922 elementor-drop-cap-yes elementor-drop-cap-view-default elementor-widget elementor-widget-text-editor\" data-id=\"d826922\" data-element_type=\"widget\" data-e-type=\"widget\" data-settings=\"{&quot;drop_cap&quot;:&quot;yes&quot;}\" data-widget_type=\"text-editor.default\">\n\t\t\t\t<div class=\"elementor-widget-container\">\n\t\t\t\t\t\t\t\t\t<h3 style=\"text-align: center;\"><span style=\"color: #0000ff;\">\u00abBienaventurado el que piensa en el pobre; en el d\u00eda malo lo librar\u00e1 Jehov\u00e1.\u00bb<\/span><\/h3>\t\t\t\t\t\t\t\t<\/div>\n\t\t\t\t<\/div>\n\t\t\t\t\t<\/div>\n\t\t\t\t<\/div>\n\t\t<div class=\"elementor-element elementor-element-80471cc e-con e-atomic-element e-flexbox-base e-36ee01d \" data-id=\"80471cc\" data-element_type=\"e-flexbox\" data-e-type=\"e-flexbox\" data-interaction-id=\"80471cc\">\n    \t\t\t<img loading=\"lazy\" decoding=\"async\" class=\"e-image-base e-129ecd8-7a329a5\" data-interaction-id=\"129ecd8\" id=\"1663\" src=\"https:\/\/fundacionrafa.org\/wp-content\/uploads\/2026\/07\/QR-fundacion-Rafa-1-300x300.jpeg\" width=\"300\" height=\"300\" srcset=\"https:\/\/fundacionrafa.org\/wp-content\/uploads\/2026\/07\/QR-fundacion-Rafa-1-300x300.jpeg 300w, https:\/\/fundacionrafa.org\/wp-content\/uploads\/2026\/07\/QR-fundacion-Rafa-1-150x150.jpeg 150w, https:\/\/fundacionrafa.org\/wp-content\/uploads\/2026\/07\/QR-fundacion-Rafa-1.jpeg 512w\" alt=\"Donacion\"\/>\t\t\n<\/div>\n\t\t<\/div>\n\t\t","protected":false},"excerpt":{"rendered":"<p>Sobre notrosos Los que hacemos REHABILITACION Contacto NUESTRA GALERIA \u00abBienaventurado el que piensa en el pobre; en el d\u00eda malo lo librar\u00e1 Jehov\u00e1.\u00bb<\/p>\n","protected":false},"author":1,"featured_media":0,"parent":0,"menu_order":0,"comment_status":"closed","ping_status":"closed","template":"","meta":{"_uag_custom_page_level_css":"","site-sidebar-layout":"no-sidebar","site-content-layout":"page-builder","ast-site-content-layout":"full-width-container","site-content-style":"unboxed","site-sidebar-style":"unboxed","ast-global-header-display":"","ast-banner-title-visibility":"","ast-main-header-display":"","ast-hfb-above-header-display":"","ast-hfb-below-header-display":"","ast-hfb-mobile-header-display":"","site-post-title":"disabled","ast-breadcrumbs-content":"","ast-featured-img":"","footer-sml-layout":"","ast-disable-related-posts":"","theme-transparent-header-meta":"enabled","adv-header-id-meta":"","stick-header-meta":"","header-above-stick-meta":"","header-main-stick-meta":"","header-below-stick-meta":"","astra-migrate-meta-layouts":"set","ast-page-background-enabled":"default","ast-page-background-meta":{"desktop":{"background-color":"","background-image":"","background-repeat":"repeat","background-position":"center center","background-size":"auto","background-attachment":"scroll","background-type":"","background-media":"","overlay-type":"","overlay-color":"","overlay-opacity":"","overlay-gradient":""},"tablet":{"background-color":"","background-image":"","background-repeat":"repeat","background-position":"center center","background-size":"auto","background-attachment":"scroll","background-type":"","background-media":"","overlay-type":"","overlay-color":"","overlay-opacity":"","overlay-gradient":""},"mobile":{"background-color":"","background-image":"","background-repeat":"repeat","background-position":"center center","background-size":"auto","background-attachment":"scroll","background-type":"","background-media":"","overlay-type":"","overlay-color":"","overlay-opacity":"","overlay-gradient":""}},"ast-content-background-meta":{"desktop":{"background-color":"var(--ast-global-color-5)","background-image":"","background-repeat":"repeat","background-position":"center center","background-size":"auto","background-attachment":"scroll","background-type":"","background-media":"","overlay-type":"","overlay-color":"","overlay-opacity":"","overlay-gradient":""},"tablet":{"background-color":"var(--ast-global-color-5)","background-image":"","background-repeat":"repeat","background-position":"center center","background-size":"auto","background-attachment":"scroll","background-type":"","background-media":"","overlay-type":"","overlay-color":"","overlay-opacity":"","overlay-gradient":""},"mobile":{"background-color":"var(--ast-global-color-5)","background-image":"","background-repeat":"repeat","background-position":"center center","background-size":"auto","background-attachment":"scroll","background-type":"","background-media":"","overlay-type":"","overlay-color":"","overlay-opacity":"","overlay-gradient":""}},"footnotes":""},"class_list":["post-30","page","type-page","status-publish","hentry"],"uagb_featured_image_src":{"full":false,"thumbnail":false,"medium":false,"medium_large":false,"large":false,"1536x1536":false,"2048x2048":false},"uagb_author_info":{"display_name":"admin","author_link":"https:\/\/fundacionrafa.org\/?author=1"},"uagb_comment_info":0,"uagb_excerpt":"Sobre notrosos Los que hacemos REHABILITACION Contacto NUESTRA GALERIA \u00abBienaventurado el que piensa en el pobre; en el d\u00eda malo lo librar\u00e1 Jehov\u00e1.\u00bb","jetpack_sharing_enabled":true,"_links":{"self":[{"href":"https:\/\/fundacionrafa.org\/index.php?rest_route=\/wp\/v2\/pages\/30","targetHints":{"allow":["GET"]}}],"collection":[{"href":"https:\/\/fundacionrafa.org\/index.php?rest_route=\/wp\/v2\/pages"}],"about":[{"href":"https:\/\/fundacionrafa.org\/index.php?rest_route=\/wp\/v2\/types\/page"}],"author":[{"embeddable":true,"href":"https:\/\/fundacionrafa.org\/index.php?rest_route=\/wp\/v2\/users\/1"}],"replies":[{"embeddable":true,"href":"https:\/\/fundacionrafa.org\/index.php?rest_route=%2Fwp%2Fv2%2Fcomments&post=30"}],"version-history":[{"count":69,"href":"https:\/\/fundacionrafa.org\/index.php?rest_route=\/wp\/v2\/pages\/30\/revisions"}],"predecessor-version":[{"id":1892,"href":"https:\/\/fundacionrafa.org\/index.php?rest_route=\/wp\/v2\/pages\/30\/revisions\/1892"}],"wp:attachment":[{"href":"https:\/\/fundacionrafa.org\/index.php?rest_route=%2Fwp%2Fv2%2Fmedia&parent=30"}],"curies":[{"name":"wp","href":"https:\/\/api.w.org\/{rel}","templated":true}]}}