{"id":31,"date":"2026-06-15T15:23:05","date_gmt":"2026-06-15T15:23:05","guid":{"rendered":"https:\/\/fundacionrafa.org\/?st-import=5703b44157b42b600703943e40791d1a"},"modified":"2026-06-18T19:38:03","modified_gmt":"2026-06-18T19:38:03","slug":"about","status":"publish","type":"page","link":"https:\/\/fundacionrafa.org\/?page_id=31","title":{"rendered":"About"},"content":{"rendered":"\t\t<div data-elementor-type=\"wp-page\" data-elementor-id=\"31\" class=\"elementor elementor-31\" data-elementor-post-type=\"page\">\n\t\t\t\t<div class=\"elementor-element elementor-element-9010cd0 e-flex e-con-boxed e-con e-parent\" data-id=\"9010cd0\" data-element_type=\"container\" data-e-type=\"container\" data-settings=\"{&quot;background_background&quot;:&quot;classic&quot;,&quot;background_motion_fx_motion_fx_scrolling&quot;:&quot;yes&quot;,&quot;background_motion_fx_devices&quot;:[&quot;desktop&quot;,&quot;tablet&quot;,&quot;mobile&quot;]}\">\n\t\t\t\t\t<div class=\"e-con-inner\">\n\t\t<div class=\"elementor-element elementor-element-5a69cc7 e-con-full e-flex e-con e-child\" data-id=\"5a69cc7\" data-element_type=\"container\" data-e-type=\"container\">\n\t\t\t\t<div class=\"elementor-element elementor-element-f184ec7 elementor-widget elementor-widget-heading\" data-id=\"f184ec7\" data-element_type=\"widget\" data-e-type=\"widget\" data-widget_type=\"heading.default\">\n\t\t\t\t<div class=\"elementor-widget-container\">\n\t\t\t\t\t<h6 class=\"elementor-heading-title elementor-size-default\">PROGRAMA REHABILITACION <br>FUNDACION RAFA<\/h6>\t\t\t\t<\/div>\n\t\t\t\t<\/div>\n\t\t\t\t<\/div>\n\t\t\t\t\t<\/div>\n\t\t\t\t<\/div>\n\t\t<div class=\"elementor-element elementor-element-313890e e-flex e-con-boxed e-con e-parent\" data-id=\"313890e\" data-element_type=\"container\" data-e-type=\"container\">\n\t\t\t\t\t<div class=\"e-con-inner\">\n\t\t\t\t<div class=\"elementor-element elementor-element-11e529a elementor-widget elementor-widget-spacer\" data-id=\"11e529a\" data-element_type=\"widget\" data-e-type=\"widget\" data-widget_type=\"spacer.default\">\n\t\t\t\t<div class=\"elementor-widget-container\">\n\t\t\t\t\t\t\t<div class=\"elementor-spacer\">\n\t\t\t<div class=\"elementor-spacer-inner\"><\/div>\n\t\t<\/div>\n\t\t\t\t\t\t<\/div>\n\t\t\t\t<\/div>\n\t\t\t\t\t<\/div>\n\t\t\t\t<\/div>\n\t\t<div class=\"elementor-element elementor-element-b53ed59 e-flex e-con-boxed e-con e-parent\" data-id=\"b53ed59\" data-element_type=\"container\" data-e-type=\"container\">\n\t\t\t\t\t<div class=\"e-con-inner\">\n\t\t\t\t<div class=\"elementor-element elementor-element-e2a1cee elementor-widget elementor-widget-text-editor\" data-id=\"e2a1cee\" data-element_type=\"widget\" data-e-type=\"widget\" data-widget_type=\"text-editor.default\">\n\t\t\t\t<div class=\"elementor-widget-container\">\n\t\t\t\t\t\t\t\t\t<h4>El programa de Rehabilition RAFA se desarrolla dentro de las instalaciones del centro de rehabilitaci\u00f3n, ubicadas en lugares estrat\u00e9gicos en amplios espacios de ambiente apacible en las afueras de las ciudades.<\/h4><h4>La duraci\u00f3n del programa es de 12 meses y est\u00e1 dividida en 3 fases o etapas.<\/h4>\t\t\t\t\t\t\t\t<\/div>\n\t\t\t\t<\/div>\n\t\t\t\t\t<\/div>\n\t\t\t\t<\/div>\n\t\t<div class=\"elementor-element elementor-element-f59f2f6 e-flex e-con-boxed e-con e-parent\" data-id=\"f59f2f6\" data-element_type=\"container\" data-e-type=\"container\">\n\t\t\t\t\t<div class=\"e-con-inner\">\n\t\t\t\t<div class=\"elementor-element elementor-element-7d42282 elementor-widget-divider--view-line_icon elementor-view-default elementor-widget-divider--element-align-center elementor-widget elementor-widget-divider\" data-id=\"7d42282\" data-element_type=\"widget\" data-e-type=\"widget\" data-widget_type=\"divider.default\">\n\t\t\t\t<div class=\"elementor-widget-container\">\n\t\t\t\t\t\t\t<div class=\"elementor-divider\">\n\t\t\t<span class=\"elementor-divider-separator\">\n\t\t\t\t\t\t\t<div class=\"elementor-icon elementor-divider__element\">\n\t\t\t\t\t<i aria-hidden=\"true\" class=\"fas fa-star\"><\/i><\/div>\n\t\t\t\t\t\t<\/span>\n\t\t<\/div>\n\t\t\t\t\t\t<\/div>\n\t\t\t\t<\/div>\n\t\t\t\t\t<\/div>\n\t\t\t\t<\/div>\n\t\t<div class=\"elementor-element elementor-element-332cb27 e-grid e-con-boxed e-con e-parent\" data-id=\"332cb27\" data-element_type=\"container\" data-e-type=\"container\">\n\t\t\t\t\t<div class=\"e-con-inner\">\n\t\t\t\t<div class=\"elementor-element elementor-element-0297611 elementor-widget elementor-widget-heading\" data-id=\"0297611\" data-element_type=\"widget\" data-e-type=\"widget\" data-widget_type=\"heading.default\">\n\t\t\t\t<div class=\"elementor-widget-container\">\n\t\t\t\t\t<h2 class=\"elementor-heading-title elementor-size-default\">PRIMERA FASE:\nDESINTOXICACI\u00d3N<\/h2>\t\t\t\t<\/div>\n\t\t\t\t<\/div>\n\t\t\t\t<div class=\"elementor-element elementor-element-9b75979 elementor-widget elementor-widget-heading\" data-id=\"9b75979\" data-element_type=\"widget\" data-e-type=\"widget\" data-widget_type=\"heading.default\">\n\t\t\t\t<div class=\"elementor-widget-container\">\n\t\t\t\t\t<h2 class=\"elementor-heading-title elementor-size-default\">SEGUNDA FASE: \nREHABILITACI\u00d3N<\/h2>\t\t\t\t<\/div>\n\t\t\t\t<\/div>\n\t\t\t\t<div class=\"elementor-element elementor-element-8470fe6 elementor-widget elementor-widget-heading\" data-id=\"8470fe6\" data-element_type=\"widget\" data-e-type=\"widget\" data-widget_type=\"heading.default\">\n\t\t\t\t<div class=\"elementor-widget-container\">\n\t\t\t\t\t<h2 class=\"elementor-heading-title elementor-size-default\">TERCERA FASE: \nREINSERCI\u00d3N SOCIAL<\/h2>\t\t\t\t<\/div>\n\t\t\t\t<\/div>\n\t\t\t\t\t<\/div>\n\t\t\t\t<\/div>\n\t\t<div class=\"elementor-element elementor-element-a1a2df3 e-flex e-con-boxed e-con e-parent\" data-id=\"a1a2df3\" data-element_type=\"container\" data-e-type=\"container\">\n\t\t\t\t\t<div class=\"e-con-inner\">\n\t\t\t\t<div class=\"elementor-element elementor-element-d96d30b elementor-widget-divider--view-line elementor-widget elementor-widget-divider\" data-id=\"d96d30b\" data-element_type=\"widget\" data-e-type=\"widget\" data-widget_type=\"divider.default\">\n\t\t\t\t<div class=\"elementor-widget-container\">\n\t\t\t\t\t\t\t<div class=\"elementor-divider\">\n\t\t\t<span class=\"elementor-divider-separator\">\n\t\t\t\t\t\t<\/span>\n\t\t<\/div>\n\t\t\t\t\t\t<\/div>\n\t\t\t\t<\/div>\n\t\t\t\t\t<\/div>\n\t\t\t\t<\/div>\n\t\t<div class=\"elementor-element elementor-element-d9cd535 e-grid e-con-full e-con e-parent\" data-id=\"d9cd535\" data-element_type=\"container\" data-e-type=\"container\">\n\t\t\t\t<div class=\"elementor-element elementor-element-d7edd46 elementor-widget elementor-widget-heading\" data-id=\"d7edd46\" data-element_type=\"widget\" data-e-type=\"widget\" data-widget_type=\"heading.default\">\n\t\t\t\t<div class=\"elementor-widget-container\">\n\t\t\t\t\t<h2 class=\"elementor-heading-title elementor-size-default\">PRIMERA FASE: DESINTOXICACI\u00d3N<\/h2>\t\t\t\t<\/div>\n\t\t\t\t<\/div>\n\t\t\t\t<div class=\"elementor-element elementor-element-3df3f4a elementor-widget elementor-widget-text-editor\" data-id=\"3df3f4a\" data-element_type=\"widget\" data-e-type=\"widget\" data-widget_type=\"text-editor.default\">\n\t\t\t\t<div class=\"elementor-widget-container\">\n\t\t\t\t\t\t\t\t\t<p style=\"box-sizing: inherit; margin-bottom: 0px; color: #353638; font-family: Lato; font-size: 16px; font-style: normal; font-weight: 300;\"><span style=\"box-sizing: inherit; font-size: 24px;\">La primera etapa se realiza de manera natural, sin el uso de medicamentos para la desintoxicaci\u00f3n.<\/span><\/p><p style=\"box-sizing: inherit; margin-bottom: 0px; color: #353638; font-family: Lato; font-size: 16px; font-style: normal; font-weight: 300;\"><span style=\"box-sizing: inherit; font-size: 24px;\">Esta fase tiene una duraci\u00f3n aproximada de 30 d\u00edas, per\u00edodo en el cual se brinda apoyo, motivaci\u00f3n y acompa\u00f1amiento constante al interno para fortalecer su decisi\u00f3n de seguir adelante en su proceso de recuperaci\u00f3n.<\/span><\/p><p style=\"box-sizing: inherit; margin-bottom: 0px; color: #353638; font-family: Lato; font-size: 16px; font-style: normal; font-weight: 300;\"><span style=\"box-sizing: inherit; font-size: 24px;\">Durante esta etapa, el interno permanece siempre acompa\u00f1ado por un responsable social del centro.<\/span><\/p>\t\t\t\t\t\t\t\t<\/div>\n\t\t\t\t<\/div>\n\t\t\t\t<\/div>\n\t\t<div class=\"elementor-element elementor-element-89d1a3f e-grid e-con-boxed e-con e-parent\" data-id=\"89d1a3f\" data-element_type=\"container\" data-e-type=\"container\">\n\t\t\t\t\t<div class=\"e-con-inner\">\n\t\t\t\t\t<img fetchpriority=\"high\" decoding=\"async\" class=\"e-image-base e-5b4202a-cb96792\" data-interaction-id=\"5b4202a\" id=\"1448\" src=\"https:\/\/fundacionrafa.org\/wp-content\/uploads\/2026\/06\/sunriseforever-alcohol-6968649-1.jpg\" width=\"512\" height=\"341\" srcset=\"https:\/\/fundacionrafa.org\/wp-content\/uploads\/2026\/06\/sunriseforever-alcohol-6968649-1.jpg 512w, https:\/\/fundacionrafa.org\/wp-content\/uploads\/2026\/06\/sunriseforever-alcohol-6968649-1-300x200.jpg 300w\" alt=\"\"\/>\t\t\t\t\t<\/div>\n\t\t\t\t<\/div>\n\t\t<div class=\"elementor-element elementor-element-5cdcc04 e-flex e-con-boxed e-con e-parent\" data-id=\"5cdcc04\" data-element_type=\"container\" data-e-type=\"container\">\n\t\t\t\t\t<div class=\"e-con-inner\">\n\t\t\t\t<div class=\"elementor-element elementor-element-1a18508 elementor-widget-divider--view-line elementor-widget elementor-widget-divider\" data-id=\"1a18508\" data-element_type=\"widget\" data-e-type=\"widget\" data-widget_type=\"divider.default\">\n\t\t\t\t<div class=\"elementor-widget-container\">\n\t\t\t\t\t\t\t<div class=\"elementor-divider\">\n\t\t\t<span class=\"elementor-divider-separator\">\n\t\t\t\t\t\t<\/span>\n\t\t<\/div>\n\t\t\t\t\t\t<\/div>\n\t\t\t\t<\/div>\n\t\t\t\t\t<\/div>\n\t\t\t\t<\/div>\n\t\t<div class=\"elementor-element elementor-element-aa9676d e-grid e-con-boxed e-con e-parent\" data-id=\"aa9676d\" data-element_type=\"container\" data-e-type=\"container\">\n\t\t\t\t\t<div class=\"e-con-inner\">\n\t\t\t\t<div class=\"elementor-element elementor-element-e69b614 elementor-widget elementor-widget-heading\" data-id=\"e69b614\" data-element_type=\"widget\" data-e-type=\"widget\" data-widget_type=\"heading.default\">\n\t\t\t\t<div class=\"elementor-widget-container\">\n\t\t\t\t\t<h2 class=\"elementor-heading-title elementor-size-default\">SEGUNDA FASE: REHABILITACI\u00d3N<\/h2>\t\t\t\t<\/div>\n\t\t\t\t<\/div>\n\t\t\t\t<div class=\"elementor-element elementor-element-d7f1ef5 elementor-widget elementor-widget-text-editor\" data-id=\"d7f1ef5\" data-element_type=\"widget\" data-e-type=\"widget\" data-widget_type=\"text-editor.default\">\n\t\t\t\t<div class=\"elementor-widget-container\">\n\t\t\t\t\t\t\t\t\t<p class=\"isSelectedEnd\" style=\"box-sizing: inherit; margin-bottom: 0px; color: #353638; font-family: Lato; font-size: 16px; font-style: normal; font-weight: 300;\"><span style=\"box-sizing: inherit; font-size: 24px;\">En esta etapa, el interno participa activamente en el programa de rehabilitaci\u00f3n de la Fundaci\u00f3n RAFA, donde se desarrollan diversos talleres dentro de un entorno y una formaci\u00f3n basada en principios cristianos.<\/span><\/p><p style=\"box-sizing: inherit; margin-bottom: 0px; color: #353638; font-family: Lato; font-size: 16px; font-style: normal; font-weight: 300;\"><span style=\"box-sizing: inherit; font-size: 24px;\">El aprendizaje de oficios y habilidades pr\u00e1cticas adquiridas en estos talleres constituye una herramienta fundamental para facilitar su futura reinserci\u00f3n social, laboral y familiar.<\/span><\/p>\t\t\t\t\t\t\t\t<\/div>\n\t\t\t\t<\/div>\n\t\t\t\t\t<\/div>\n\t\t\t\t<\/div>\n\t\t<div class=\"elementor-element elementor-element-e25fd8a e-grid e-con-boxed e-con e-parent\" data-id=\"e25fd8a\" data-element_type=\"container\" data-e-type=\"container\">\n\t\t\t\t\t<div class=\"e-con-inner\">\n\t\t\t\t\t<img decoding=\"async\" class=\"e-image-base \" data-interaction-id=\"66bc514\" id=\"1446\" src=\"https:\/\/fundacionrafa.org\/wp-content\/uploads\/2026\/06\/WhatsApp-Image-2026-06-15-at-15.34.41.jpeg\" width=\"867\" height=\"1156\" srcset=\"https:\/\/fundacionrafa.org\/wp-content\/uploads\/2026\/06\/WhatsApp-Image-2026-06-15-at-15.34.41.jpeg 867w, https:\/\/fundacionrafa.org\/wp-content\/uploads\/2026\/06\/WhatsApp-Image-2026-06-15-at-15.34.41-225x300.jpeg 225w, https:\/\/fundacionrafa.org\/wp-content\/uploads\/2026\/06\/WhatsApp-Image-2026-06-15-at-15.34.41-768x1024.jpeg 768w\" alt=\"\"\/>\t\t\t\t\t<img decoding=\"async\" class=\"e-image-base \" data-interaction-id=\"75f0ba4\" id=\"1447\" src=\"https:\/\/fundacionrafa.org\/wp-content\/uploads\/2026\/06\/IMG-20260615-WA0031.jpg\" width=\"867\" height=\"1156\" srcset=\"https:\/\/fundacionrafa.org\/wp-content\/uploads\/2026\/06\/IMG-20260615-WA0031.jpg 867w, https:\/\/fundacionrafa.org\/wp-content\/uploads\/2026\/06\/IMG-20260615-WA0031-225x300.jpg 225w, https:\/\/fundacionrafa.org\/wp-content\/uploads\/2026\/06\/IMG-20260615-WA0031-768x1024.jpg 768w\" alt=\"\"\/>\t\t\t\t\t<\/div>\n\t\t\t\t<\/div>\n\t\t<div class=\"elementor-element elementor-element-4a958bc e-flex e-con-boxed e-con e-parent\" data-id=\"4a958bc\" data-element_type=\"container\" data-e-type=\"container\">\n\t\t\t\t\t<div class=\"e-con-inner\">\n\t\t\t\t<div class=\"elementor-element elementor-element-b3d36a3 elementor-widget-divider--view-line elementor-widget elementor-widget-divider\" data-id=\"b3d36a3\" data-element_type=\"widget\" data-e-type=\"widget\" data-widget_type=\"divider.default\">\n\t\t\t\t<div class=\"elementor-widget-container\">\n\t\t\t\t\t\t\t<div class=\"elementor-divider\">\n\t\t\t<span class=\"elementor-divider-separator\">\n\t\t\t\t\t\t<\/span>\n\t\t<\/div>\n\t\t\t\t\t\t<\/div>\n\t\t\t\t<\/div>\n\t\t\t\t\t<\/div>\n\t\t\t\t<\/div>\n\t\t<div class=\"elementor-element elementor-element-5ba3c92 e-grid e-con-boxed e-con e-parent\" data-id=\"5ba3c92\" data-element_type=\"container\" data-e-type=\"container\">\n\t\t\t\t\t<div class=\"e-con-inner\">\n\t\t\t\t<div class=\"elementor-element elementor-element-aa734be elementor-widget elementor-widget-heading\" data-id=\"aa734be\" data-element_type=\"widget\" data-e-type=\"widget\" data-widget_type=\"heading.default\">\n\t\t\t\t<div class=\"elementor-widget-container\">\n\t\t\t\t\t<h2 class=\"elementor-heading-title elementor-size-default\">TERCERA FASE: REINSERCI\u00d3N SOCIAL<\/h2>\t\t\t\t<\/div>\n\t\t\t\t<\/div>\n\t\t\t\t<div class=\"elementor-element elementor-element-76d4a7b elementor-widget elementor-widget-text-editor\" data-id=\"76d4a7b\" data-element_type=\"widget\" data-e-type=\"widget\" data-widget_type=\"text-editor.default\">\n\t\t\t\t<div class=\"elementor-widget-container\">\n\t\t\t\t\t\t\t\t\t<p class=\"isSelectedEnd\" style=\"box-sizing: inherit; margin-bottom: 0px; color: #353638; font-family: Lato; font-size: 16px; font-style: normal; font-weight: 300;\"><span style=\"box-sizing: inherit; font-size: 24px;\">La reinserci\u00f3n de una persona en su entorno familiar y social es una de las etapas m\u00e1s importantes y tambi\u00e9n una de las m\u00e1s dif\u00edciles del proceso de recuperaci\u00f3n.<\/span><\/p><p style=\"box-sizing: inherit; margin-bottom: 0px; color: #353638; font-family: Lato; font-size: 16px; font-style: normal; font-weight: 300;\"><span style=\"box-sizing: inherit; font-size: 24px;\">Por esta raz\u00f3n, de manera paralela al programa de rehabilitaci\u00f3n, contamos con una asociaci\u00f3n de familiares que recibe orientaci\u00f3n, apoyo y acompa\u00f1amiento permanente. La participaci\u00f3n activa de las familias en actividades, reuniones y eventos organizados por la Fundaci\u00f3n es fundamental para fortalecer el proceso de cambio y construir un entorno estable y saludable para el interno.<\/span><\/p>\t\t\t\t\t\t\t\t<\/div>\n\t\t\t\t<\/div>\n\t\t\t\t\t<\/div>\n\t\t\t\t<\/div>\n\t\t<div class=\"elementor-element elementor-element-2d9d29f e-grid e-con-boxed e-con e-parent\" data-id=\"2d9d29f\" data-element_type=\"container\" data-e-type=\"container\">\n\t\t\t\t\t<div class=\"e-con-inner\">\n\t\t\t\t\t<img loading=\"lazy\" decoding=\"async\" class=\"e-image-base e-28afb28-7c75844\" data-interaction-id=\"28afb28\" id=\"1445\" src=\"https:\/\/fundacionrafa.org\/wp-content\/uploads\/2026\/06\/thevirtualdenise-family-2485714_1920.jpg\" width=\"1920\" height=\"1279\" srcset=\"https:\/\/fundacionrafa.org\/wp-content\/uploads\/2026\/06\/thevirtualdenise-family-2485714_1920.jpg 1920w, https:\/\/fundacionrafa.org\/wp-content\/uploads\/2026\/06\/thevirtualdenise-family-2485714_1920-300x200.jpg 300w, https:\/\/fundacionrafa.org\/wp-content\/uploads\/2026\/06\/thevirtualdenise-family-2485714_1920-1024x682.jpg 1024w, https:\/\/fundacionrafa.org\/wp-content\/uploads\/2026\/06\/thevirtualdenise-family-2485714_1920-768x512.jpg 768w, https:\/\/fundacionrafa.org\/wp-content\/uploads\/2026\/06\/thevirtualdenise-family-2485714_1920-1536x1023.jpg 1536w\" alt=\"\"\/>\t\t\t\t\t<\/div>\n\t\t\t\t<\/div>\n\t\t<div class=\"elementor-element elementor-element-6d41abd e-flex e-con-boxed e-con e-parent\" data-id=\"6d41abd\" data-element_type=\"container\" data-e-type=\"container\">\n\t\t\t\t\t<div class=\"e-con-inner\">\n\t\t\t\t<div class=\"elementor-element elementor-element-525a568 elementor-widget-divider--view-line_icon elementor-view-default elementor-widget-divider--element-align-center elementor-widget elementor-widget-divider\" data-id=\"525a568\" data-element_type=\"widget\" data-e-type=\"widget\" data-widget_type=\"divider.default\">\n\t\t\t\t<div class=\"elementor-widget-container\">\n\t\t\t\t\t\t\t<div class=\"elementor-divider\">\n\t\t\t<span class=\"elementor-divider-separator\">\n\t\t\t\t\t\t\t<div class=\"elementor-icon elementor-divider__element\">\n\t\t\t\t\t<i aria-hidden=\"true\" class=\"fas fa-star\"><\/i><\/div>\n\t\t\t\t\t\t<\/span>\n\t\t<\/div>\n\t\t\t\t\t\t<\/div>\n\t\t\t\t<\/div>\n\t\t\t\t\t<\/div>\n\t\t\t\t<\/div>\n\t\t\t\t<\/div>\n\t\t","protected":false},"excerpt":{"rendered":"<p>PROGRAMA REHABILITACION FUNDACION RAFA El programa de Rehabilition RAFA se desarrolla dentro de las instalaciones del centro de rehabilitaci\u00f3n, ubicadas en lugares estrat\u00e9gicos en amplios espacios de ambiente apacible en las afueras de las ciudades. La duraci\u00f3n del programa es de 12 meses y est\u00e1 dividida en 3 fases o etapas. PRIMERA FASE: DESINTOXICACI\u00d3N SEGUNDA [&hellip;]<\/p>\n","protected":false},"author":1,"featured_media":0,"parent":0,"menu_order":0,"comment_status":"closed","ping_status":"closed","template":"","meta":{"_uag_custom_page_level_css":"","site-sidebar-layout":"no-sidebar","site-content-layout":"page-builder","ast-site-content-layout":"default","site-content-style":"default","site-sidebar-style":"default","ast-global-header-display":"","ast-banner-title-visibility":"","ast-main-header-display":"","ast-hfb-above-header-display":"","ast-hfb-below-header-display":"","ast-hfb-mobile-header-display":"","site-post-title":"disabled","ast-breadcrumbs-content":"","ast-featured-img":"","footer-sml-layout":"","ast-disable-related-posts":"","theme-transparent-header-meta":"enabled","adv-header-id-meta":"","stick-header-meta":"","header-above-stick-meta":"","header-main-stick-meta":"","header-below-stick-meta":"","astra-migrate-meta-layouts":"default","ast-page-background-enabled":"default","ast-page-background-meta":{"desktop":{"background-color":"","background-image":"","background-repeat":"repeat","background-position":"center center","background-size":"auto","background-attachment":"scroll","background-type":"","background-media":"","overlay-type":"","overlay-color":"","overlay-opacity":"","overlay-gradient":""},"tablet":{"background-color":"","background-image":"","background-repeat":"repeat","background-position":"center center","background-size":"auto","background-attachment":"scroll","background-type":"","background-media":"","overlay-type":"","overlay-color":"","overlay-opacity":"","overlay-gradient":""},"mobile":{"background-color":"","background-image":"","background-repeat":"repeat","background-position":"center center","background-size":"auto","background-attachment":"scroll","background-type":"","background-media":"","overlay-type":"","overlay-color":"","overlay-opacity":"","overlay-gradient":""}},"ast-content-background-meta":{"desktop":{"background-color":"var(--ast-global-color-5)","background-image":"","background-repeat":"repeat","background-position":"center center","background-size":"auto","background-attachment":"scroll","background-type":"","background-media":"","overlay-type":"","overlay-color":"","overlay-opacity":"","overlay-gradient":""},"tablet":{"background-color":"var(--ast-global-color-5)","background-image":"","background-repeat":"repeat","background-position":"center center","background-size":"auto","background-attachment":"scroll","background-type":"","background-media":"","overlay-type":"","overlay-color":"","overlay-opacity":"","overlay-gradient":""},"mobile":{"background-color":"var(--ast-global-color-5)","background-image":"","background-repeat":"repeat","background-position":"center center","background-size":"auto","background-attachment":"scroll","background-type":"","background-media":"","overlay-type":"","overlay-color":"","overlay-opacity":"","overlay-gradient":""}},"footnotes":""},"class_list":["post-31","page","type-page","status-publish","hentry"],"uagb_featured_image_src":{"full":false,"thumbnail":false,"medium":false,"medium_large":false,"large":false,"1536x1536":false,"2048x2048":false},"uagb_author_info":{"display_name":"admin","author_link":"https:\/\/fundacionrafa.org\/?author=1"},"uagb_comment_info":0,"uagb_excerpt":"PROGRAMA REHABILITACION FUNDACION RAFA El programa de Rehabilition RAFA se desarrolla dentro de las instalaciones del centro de rehabilitaci\u00f3n, ubicadas en lugares estrat\u00e9gicos en amplios espacios de ambiente apacible en las afueras de las ciudades. La duraci\u00f3n del programa es de 12 meses y est\u00e1 dividida en 3 fases o etapas. PRIMERA FASE: DESINTOXICACI\u00d3N SEGUNDA&hellip;","jetpack_sharing_enabled":true,"_links":{"self":[{"href":"https:\/\/fundacionrafa.org\/index.php?rest_route=\/wp\/v2\/pages\/31","targetHints":{"allow":["GET"]}}],"collection":[{"href":"https:\/\/fundacionrafa.org\/index.php?rest_route=\/wp\/v2\/pages"}],"about":[{"href":"https:\/\/fundacionrafa.org\/index.php?rest_route=\/wp\/v2\/types\/page"}],"author":[{"embeddable":true,"href":"https:\/\/fundacionrafa.org\/index.php?rest_route=\/wp\/v2\/users\/1"}],"replies":[{"embeddable":true,"href":"https:\/\/fundacionrafa.org\/index.php?rest_route=%2Fwp%2Fv2%2Fcomments&post=31"}],"version-history":[{"count":60,"href":"https:\/\/fundacionrafa.org\/index.php?rest_route=\/wp\/v2\/pages\/31\/revisions"}],"predecessor-version":[{"id":1486,"href":"https:\/\/fundacionrafa.org\/index.php?rest_route=\/wp\/v2\/pages\/31\/revisions\/1486"}],"wp:attachment":[{"href":"https:\/\/fundacionrafa.org\/index.php?rest_route=%2Fwp%2Fv2%2Fmedia&parent=31"}],"curies":[{"name":"wp","href":"https:\/\/api.w.org\/{rel}","templated":true}]}}